{"id":62,"date":"2025-03-09T08:47:15","date_gmt":"2025-03-09T07:47:15","guid":{"rendered":"https:\/\/sfrolomouc.cz\/?page_id=62"},"modified":"2025-03-17T09:57:08","modified_gmt":"2025-03-17T08:57:08","slug":"18-2-2025","status":"publish","type":"page","link":"https:\/\/sfrolomouc.cz\/?page_id=62","title":{"rendered":"18.2.2025"},"content":{"rendered":"<div class=\"wp-block-image\">\n<figure class=\"alignleft size-full is-resized\"><img loading=\"lazy\" decoding=\"async\" width=\"193\" height=\"261\" src=\"https:\/\/sfrolomouc.cz\/wp-content\/uploads\/2024\/11\/tau.jpg\" alt=\"\" class=\"wp-image-9\" style=\"width:79px;height:auto\"\/><\/figure>\n<\/div>\n\n\n<p>Z\u00e1pis ze setk\u00e1n\u00ed 18. 2. 2025<\/p>\n\n\n\n<p>&nbsp;Kl\u00e1\u0161ter brat\u0159\u00ed kapuc\u00edn\u016f Olomouc<em><\/em><\/p>\n\n\n\n<p><strong><em>Setk\u00e1n\u00ed sester a brat\u0159\u00ed SF\u0158 \u2013 Olomouc rodiny<\/em><\/strong><strong><\/strong><\/p>\n\n\n\n<p><strong>\u010casov\u00fd pr\u016fb\u011bh s pozn\u00e1mkami:<\/strong><\/p>\n\n\n\n<ol class=\"wp-block-list\">\n<li><strong>14.30 \u2013 Spole\u010dn\u00e1 modlitba uprost\u0159ed dne v kostele<\/strong><\/li>\n<\/ol>\n\n\n\n<p><strong>&nbsp;&nbsp;&nbsp;&nbsp;&nbsp;&nbsp; 2.&nbsp;&nbsp; Dokumenty \u010dl. 25 O rodin\u011b \u2013 \u00favodn\u00ed zamy\u0161len\u00ed vedl T. Richter<\/strong><\/p>\n\n\n\n<p>&nbsp;&nbsp;&nbsp;&nbsp;&nbsp;&nbsp;&nbsp;&nbsp;&nbsp;&nbsp;&nbsp;&nbsp; Sekul\u00e1rn\u00ed franti\u0161k\u00e1ni pova\u017euj\u00ed svou vlastn\u00ed rodinu za prvo\u0159ad\u00e9 prost\u0159ed\u00ed.<\/p>\n\n\n\n<p>&nbsp;&nbsp;&nbsp;&nbsp;&nbsp;&nbsp;&nbsp;&nbsp;&nbsp;&nbsp;&nbsp;&nbsp; Na\u0161e spole\u010denstv\u00ed vzniklo jako spole\u010denstv\u00ed rodin (tehdy mlad\u00fdch)<\/p>\n\n\n\n<p>Ot\u00e1zka jak my a na\u0161e terci\u00e1\u0159stv\u00ed ovlivnilo na\u0161e d\u011bti, pro\u010d v\u011bt\u0161inou nen\u00e1sleduj\u00ed,&nbsp;&nbsp;&nbsp;&nbsp; jak&nbsp; jsme s&nbsp;nimi o tom hovo\u0159ili. N\u011bkter\u00e9 to poci\u0165ovaly jako n\u00e1sil\u00ed.<\/p>\n\n\n\n<p>&nbsp;&nbsp;&nbsp;&nbsp;&nbsp;&nbsp;&nbsp;&nbsp;&nbsp;&nbsp;&nbsp;&nbsp; Z\u00e1v\u011br &#8211; Duch vane, jak chce<\/p>\n\n\n\n<p>&nbsp;&nbsp;&nbsp;&nbsp;&nbsp;&nbsp;&nbsp;&nbsp;&nbsp;&nbsp;&nbsp;&nbsp;&nbsp; N\u00e1vrh a n\u00e1m\u011bt pro Radu MBS \u2013 zm\u011bnit n\u00e1zev na\u0161eho MBS \u2013 pouze Olomouc<\/p>\n\n\n\n<p>&nbsp;&nbsp;&nbsp;&nbsp;&nbsp;&nbsp;&nbsp;&nbsp;&nbsp;&nbsp;&nbsp;&nbsp;&nbsp; <strong>Dokumenty \u010dl. 26<\/strong> \u2013 v&nbsp;utrpen\u00ed na\u0161el sv. Franti\u0161ek d\u016fv\u011bru a radost, podle jeho p\u0159\u00edkladu m\u016f\u017eeme d\u016fv\u011bru a radost \u010derpat t\u00e9\u017e z&nbsp;v\u011bdom\u00ed Bo\u017e\u00edho otcovstv\u00ed \u2013 m\u00e1m u N\u011bho m\u00edsto v&nbsp;jeho kr\u00e1lovstv\u00ed. Kdy\u017e \u017eiji sv\u016fj b\u011b\u017en\u00fd v\u0161edn\u00ed i slavnostn\u00ed den s&nbsp;P\u00e1nem, je P\u00e1n se mnou i v&nbsp;t\u011b\u017ekostech, a tak buduji i svou d\u016fv\u011bru.<\/p>\n\n\n\n<p>&nbsp;&nbsp;&nbsp;&nbsp;&nbsp; <strong>3.&nbsp;&nbsp;&nbsp; Sd\u00edlen\u00ed brat\u0159\u00ed a sester \u2013 <\/strong>konkr\u00e9tn\u00ed modlitby na \u00famysly budou uvedeny v emailu<\/p>\n\n\n\n<p><strong>&nbsp;&nbsp;&nbsp;&nbsp;&nbsp;&nbsp; 4. Organiza\u010dn\u00ed z\u00e1le\u017eitosti a n\u00e1vrhy<\/strong><\/p>\n\n\n\n<ul class=\"wp-block-list\">\n<li>P\u0159\u00ed\u0161t\u00ed setk\u00e1n\u00ed bude prob\u00edhat 18. 3. 2025. Za\u010dneme op\u011bt spole\u010dnou modlitbou ve 14.30 uprost\u0159ed dne v&nbsp;kostele.&nbsp; D\u00e1le budeme prob\u00edrat Dokumenty \u010dl. 27.<\/li>\n\n\n\n<li><strong>Alenka Ve\u010de\u0159ov\u00e1 vyb\u00edrala p\u0159\u00edsp\u011bvky na rok 2025 \u2013 kdo je\u0161t\u011b nedal, m\u016f\u017eete platit hotov\u011b na setk\u00e1n\u00ed nebo poslat na \u00fa\u010det. Z\u00e1kladn\u00ed p\u0159\u00edsp\u011bvek \u010din\u00ed 250 k\u010d na \u010dlena, pokud chcete v\u00edce podpo\u0159it N\u00e1rodn\u00ed radu, m\u016f\u017eete poslat&nbsp; nebo d\u00e1t 400 K\u010d. \u010c.\u00fa\u010dtu je 101837248\/0300<\/strong><\/li>\n<\/ul>\n\n\n\n<ul class=\"wp-block-list\">\n<li>&nbsp;Exercicie se uskute\u010dn\u00ed 21. &#8211; 24. 8 2025 v&nbsp;kl\u00e1\u0161te\u0159e, povede Bonaventura \u0160tivar OFCap.&nbsp; a budou to duchovn\u00ed cvi\u010den\u00ed od sv. Bonaventury \u2013 p\u0159ihla\u0161ujte se<\/li>\n\n\n\n<li>Oblastn\u00ed setk\u00e1n\u00ed 18.5.2025 ve \u0160ternberku (br. Ji\u0159\u00ed Zaj\u00edc )<\/li>\n<\/ul>\n\n\n\n<p>&nbsp;&nbsp;&nbsp;&nbsp;&nbsp;&nbsp;&nbsp;&nbsp;&nbsp;&nbsp;&nbsp;&nbsp;&nbsp;&nbsp; Zapsala J. Hub\u00e1\u010dkov\u00e1<\/p>\n\n\n\n<p><\/p>\n","protected":false},"excerpt":{"rendered":"<p>Z\u00e1pis ze setk\u00e1n\u00ed 18. 2. 2025 &nbsp;Kl\u00e1\u0161ter brat\u0159\u00ed kapuc\u00edn\u016f Olomouc Setk\u00e1n\u00ed sester a brat\u0159\u00ed SF\u0158 \u2013 Olomouc rodiny \u010casov\u00fd pr\u016fb\u011bh s pozn\u00e1mkami: &nbsp;&nbsp;&nbsp;&nbsp;&nbsp;&nbsp; 2.&nbsp;&nbsp; Dokumenty \u010dl. 25 O rodin\u011b \u2013 \u00favodn\u00ed zamy\u0161len\u00ed vedl T. Richter &nbsp;&nbsp;&nbsp;&nbsp;&nbsp;&nbsp;&nbsp;&nbsp;&nbsp;&nbsp;&nbsp;&nbsp; Sekul\u00e1rn\u00ed franti\u0161k\u00e1ni pova\u017euj\u00ed svou vlastn\u00ed rodinu za prvo\u0159ad\u00e9 prost\u0159ed\u00ed. &nbsp;&nbsp;&nbsp;&nbsp;&nbsp;&nbsp;&nbsp;&nbsp;&nbsp;&nbsp;&nbsp;&nbsp; Na\u0161e spole\u010denstv\u00ed vzniklo jako spole\u010denstv\u00ed rodin (tehdy mlad\u00fdch) Ot\u00e1zka &hellip; <a href=\"https:\/\/sfrolomouc.cz\/?page_id=62\" class=\"more-link\">Pokra\u010dov\u00e1n\u00ed textu <span class=\"screen-reader-text\">18.2.2025<\/span> <span class=\"meta-nav\">&rarr;<\/span><\/a><\/p>\n","protected":false},"author":1,"featured_media":0,"parent":0,"menu_order":0,"comment_status":"closed","ping_status":"closed","template":"","meta":{"footnotes":""},"class_list":["post-62","page","type-page","status-publish","hentry"],"_links":{"self":[{"href":"https:\/\/sfrolomouc.cz\/index.php?rest_route=\/wp\/v2\/pages\/62","targetHints":{"allow":["GET"]}}],"collection":[{"href":"https:\/\/sfrolomouc.cz\/index.php?rest_route=\/wp\/v2\/pages"}],"about":[{"href":"https:\/\/sfrolomouc.cz\/index.php?rest_route=\/wp\/v2\/types\/page"}],"author":[{"embeddable":true,"href":"https:\/\/sfrolomouc.cz\/index.php?rest_route=\/wp\/v2\/users\/1"}],"replies":[{"embeddable":true,"href":"https:\/\/sfrolomouc.cz\/index.php?rest_route=%2Fwp%2Fv2%2Fcomments&post=62"}],"version-history":[{"count":3,"href":"https:\/\/sfrolomouc.cz\/index.php?rest_route=\/wp\/v2\/pages\/62\/revisions"}],"predecessor-version":[{"id":69,"href":"https:\/\/sfrolomouc.cz\/index.php?rest_route=\/wp\/v2\/pages\/62\/revisions\/69"}],"wp:attachment":[{"href":"https:\/\/sfrolomouc.cz\/index.php?rest_route=%2Fwp%2Fv2%2Fmedia&parent=62"}],"curies":[{"name":"wp","href":"https:\/\/api.w.org\/{rel}","templated":true}]}}