{"id":47,"date":"2025-01-24T10:57:20","date_gmt":"2025-01-24T09:57:20","guid":{"rendered":"https:\/\/sfrolomouc.cz\/?page_id=47"},"modified":"2025-03-17T10:12:46","modified_gmt":"2025-03-17T09:12:46","slug":"19-1-2025","status":"publish","type":"page","link":"https:\/\/sfrolomouc.cz\/?page_id=47","title":{"rendered":"19.1.2025"},"content":{"rendered":"<div class=\"wp-block-image\">\n<figure class=\"alignleft is-resized\"><img loading=\"lazy\" decoding=\"async\" width=\"193\" height=\"261\" src=\"https:\/\/sfrolomouc.cz\/wp-content\/uploads\/2024\/11\/tau.jpg\" alt=\"\" class=\"wp-image-9\" style=\"width:122px;height:auto\"\/><\/figure>\n<\/div>\n\n\n<p>Z\u00e1pis ze setk\u00e1n\u00ed 19. 1. 2025<\/p>\n\n\n\n<p>&nbsp;Kl\u00e1\u0161ter brat\u0159\u00ed kapuc\u00edn\u016f Olomouc<em><\/em><\/p>\n\n\n\n<p><strong><em>Setk\u00e1n\u00ed sester a brat\u0159\u00ed SF\u0158 \u2013 Olomouc rodiny<\/em><\/strong><strong><\/strong><\/p>\n\n\n\n<p><strong>\u010casov\u00fd pr\u016fb\u011bh s pozn\u00e1mkami:<\/strong><\/p>\n\n\n\n<ol class=\"wp-block-list\">\n<li><strong>14.30 \u2013 Spole\u010dn\u00e1 modlitba uprost\u0159ed dne v kostele<\/strong><\/li>\n<\/ol>\n\n\n\n<p><strong>&nbsp;&nbsp;&nbsp;&nbsp;&nbsp;&nbsp; 2.&nbsp;&nbsp; Dokumenty \u010dl. 24 \u2013 25 O rodin\u011b<\/strong><\/p>\n\n\n\n<p>&nbsp;&nbsp;&nbsp;&nbsp;&nbsp;&nbsp;&nbsp;&nbsp;&nbsp;&nbsp;&nbsp;&nbsp; Sekul\u00e1rn\u00ed franti\u0161k\u00e1ni pova\u017euj\u00ed svou vlastn\u00ed rodinu za prvo\u0159ad\u00e9 prost\u0159ed\u00ed.<\/p>\n\n\n\n<p>&nbsp;&nbsp;&nbsp;&nbsp;&nbsp;&nbsp;&nbsp;&nbsp;&nbsp;&nbsp;&nbsp;&nbsp; D\u00e1vat prostor modlitb\u011b<\/p>\n\n\n\n<p>&nbsp;&nbsp;&nbsp;&nbsp;&nbsp;&nbsp;&nbsp;&nbsp;&nbsp;&nbsp;&nbsp;&nbsp; V bratrsk\u00e9m spole\u010denstv\u00ed sd\u00edlet sv\u00e9 zku\u0161enosti z rodin<\/p>\n\n\n\n<p>&nbsp;&nbsp;&nbsp;&nbsp;&nbsp;&nbsp;&nbsp;&nbsp;&nbsp;&nbsp;&nbsp;&nbsp; Spolupracovat se snahami c\u00edrkve a spole\u010dnosti<\/p>\n\n\n\n<p>&nbsp;&nbsp;&nbsp;&nbsp;&nbsp; <strong>3.&nbsp;&nbsp;&nbsp; Sd\u00edlen\u00ed brat\u0159\u00ed a sester \u2013 <\/strong>konkr\u00e9tn\u00ed modlitby na \u00famysly budou uvedeny v emailu<\/p>\n\n\n\n<p><strong>&nbsp;&nbsp;&nbsp;&nbsp;&nbsp;&nbsp; 4. Organiza\u010dn\u00ed z\u00e1le\u017eitosti a n\u00e1vrhy<\/strong><\/p>\n\n\n\n<ul class=\"wp-block-list\">\n<li>P\u0159\u00ed\u0161t\u00ed setk\u00e1n\u00ed bude prob\u00edhat 16. 2. 2025. Za\u010dneme op\u011bt spole\u010dnou modlitbou ve 14.30 uprost\u0159ed dne v&nbsp;kostele.&nbsp; D\u00e1le budeme prob\u00edrat Dokumenty \u010dl. 26. &#8211; 27.<\/li>\n\n\n\n<li><strong>\u010cervnov\u00e9 <\/strong>setk\u00e1n\u00ed bude a\u017e \u010dtvrtou ned\u011bli, tj. <strong>22.6.2025<\/strong> a bude pravd\u011bpodobn\u011b celodenn\u00ed, spojen\u00e9 s&nbsp;obnovou \u010dasn\u00fdch, p\u0159\u00edp. slo\u017een\u00edm trval\u00e9 profese br. Jana Franti\u0161ka Val\u016f<\/li>\n\n\n\n<li><strong>Alenka Ve\u010de\u0159ov\u00e1 za\u010d\u00edn\u00e1 vyb\u00edrat p\u0159\u00edsp\u011bvky na rok 2025 \u2013 m\u016f\u017eete platit hotov\u011b na setk\u00e1n\u00ed nebo poslat na \u00fa\u010det. Z\u00e1kladn\u00ed p\u0159\u00edsp\u011bvek \u010din\u00ed 250 k\u010d na \u010dlena, pokud chcete v\u00edce podpo\u0159it N\u00e1rodn\u00ed radu, m\u016f\u017eete poslat&nbsp; nebo d\u00e1t 400 K\u010d<\/strong><\/li>\n<\/ul>\n\n\n\n<ul class=\"wp-block-list\">\n<li>&nbsp;Exercicie se uskute\u010dn\u00ed 21. &#8211; 25. 8 2025 v&nbsp;kl\u00e1\u0161te\u0159e, povede Bonaventura \u0160tivar OFCap.&nbsp; a budou to duchovn\u00ed cvi\u010den\u00ed od sv. Bonaventury.<\/li>\n\n\n\n<li>Oblastn\u00ed setk\u00e1n\u00ed 18.5.2025 ve \u0160ternberku (br. Ji\u0159\u00ed Zaj\u00edc )<\/li>\n<\/ul>\n\n\n\n<p>&nbsp;&nbsp;&nbsp;&nbsp;&nbsp;&nbsp;&nbsp;&nbsp;&nbsp;&nbsp;&nbsp;&nbsp;&nbsp;&nbsp; Zapsala D. \u0160otov\u00e1<\/p>\n\n\n\n<p><\/p>\n","protected":false},"excerpt":{"rendered":"<p>Z\u00e1pis ze setk\u00e1n\u00ed 19. 1. 2025 &nbsp;Kl\u00e1\u0161ter brat\u0159\u00ed kapuc\u00edn\u016f Olomouc Setk\u00e1n\u00ed sester a brat\u0159\u00ed SF\u0158 \u2013 Olomouc rodiny \u010casov\u00fd pr\u016fb\u011bh s pozn\u00e1mkami: &nbsp;&nbsp;&nbsp;&nbsp;&nbsp;&nbsp; 2.&nbsp;&nbsp; Dokumenty \u010dl. 24 \u2013 25 O rodin\u011b &nbsp;&nbsp;&nbsp;&nbsp;&nbsp;&nbsp;&nbsp;&nbsp;&nbsp;&nbsp;&nbsp;&nbsp; Sekul\u00e1rn\u00ed franti\u0161k\u00e1ni pova\u017euj\u00ed svou vlastn\u00ed rodinu za prvo\u0159ad\u00e9 prost\u0159ed\u00ed. &nbsp;&nbsp;&nbsp;&nbsp;&nbsp;&nbsp;&nbsp;&nbsp;&nbsp;&nbsp;&nbsp;&nbsp; D\u00e1vat prostor modlitb\u011b &nbsp;&nbsp;&nbsp;&nbsp;&nbsp;&nbsp;&nbsp;&nbsp;&nbsp;&nbsp;&nbsp;&nbsp; V bratrsk\u00e9m spole\u010denstv\u00ed sd\u00edlet sv\u00e9 zku\u0161enosti z rodin &nbsp;&nbsp;&nbsp;&nbsp;&nbsp;&nbsp;&nbsp;&nbsp;&nbsp;&nbsp;&nbsp;&nbsp; &hellip; <a href=\"https:\/\/sfrolomouc.cz\/?page_id=47\" class=\"more-link\">Pokra\u010dov\u00e1n\u00ed textu <span class=\"screen-reader-text\">19.1.2025<\/span> <span class=\"meta-nav\">&rarr;<\/span><\/a><\/p>\n","protected":false},"author":1,"featured_media":0,"parent":0,"menu_order":0,"comment_status":"closed","ping_status":"closed","template":"","meta":{"footnotes":""},"class_list":["post-47","page","type-page","status-publish","hentry"],"_links":{"self":[{"href":"https:\/\/sfrolomouc.cz\/index.php?rest_route=\/wp\/v2\/pages\/47","targetHints":{"allow":["GET"]}}],"collection":[{"href":"https:\/\/sfrolomouc.cz\/index.php?rest_route=\/wp\/v2\/pages"}],"about":[{"href":"https:\/\/sfrolomouc.cz\/index.php?rest_route=\/wp\/v2\/types\/page"}],"author":[{"embeddable":true,"href":"https:\/\/sfrolomouc.cz\/index.php?rest_route=\/wp\/v2\/users\/1"}],"replies":[{"embeddable":true,"href":"https:\/\/sfrolomouc.cz\/index.php?rest_route=%2Fwp%2Fv2%2Fcomments&post=47"}],"version-history":[{"count":3,"href":"https:\/\/sfrolomouc.cz\/index.php?rest_route=\/wp\/v2\/pages\/47\/revisions"}],"predecessor-version":[{"id":76,"href":"https:\/\/sfrolomouc.cz\/index.php?rest_route=\/wp\/v2\/pages\/47\/revisions\/76"}],"wp:attachment":[{"href":"https:\/\/sfrolomouc.cz\/index.php?rest_route=%2Fwp%2Fv2%2Fmedia&parent=47"}],"curies":[{"name":"wp","href":"https:\/\/api.w.org\/{rel}","templated":true}]}}