{"id":145,"date":"2025-11-13T10:55:53","date_gmt":"2025-11-13T09:55:53","guid":{"rendered":"https:\/\/sfrolomouc.cz\/?page_id=145"},"modified":"2025-11-13T10:59:33","modified_gmt":"2025-11-13T09:59:33","slug":"19-11-2025","status":"publish","type":"page","link":"https:\/\/sfrolomouc.cz\/?page_id=145","title":{"rendered":"19.11.2025"},"content":{"rendered":"\n<p>Z\u00e1pis ze setk\u00e1n\u00ed 9.11. 2025<\/p>\n\n\n\n<p>&nbsp;Kl\u00e1\u0161ter brat\u0159\u00ed kapuc\u00edn\u016f Olomouc<em><\/em><\/p>\n\n\n\n<p><strong><em>Setk\u00e1n\u00ed sester a brat\u0159\u00ed SF\u0158 \u2013 Olomouc rodiny<\/em><\/strong><strong><\/strong><\/p>\n\n\n\n<p><strong>P\u0159\u00edtomni: <\/strong>&nbsp;Br. Dominik, E. C\u00e1skov\u00e1, Fidrmucovi, P. Hapalov\u00e1, J. Hork\u00e1, J. Hub\u00e1\u010dkov\u00e1, Richterovi, M. \u0158ezn\u00ed\u010dkov\u00e1, J. Sl\u00e1dkov\u00e1, B. Slima\u0159\u00edkov\u00e1, L. Stehl\u00edkov\u00e1, H. \u0160ev\u010d\u00edkov\u00e1, D. \u0160otov\u00e1, F. Val\u016f, Ve\u010de\u0159ovi, F. Vom\u00e1\u010dka<\/p>\n\n\n\n<p><strong>\u010casov\u00fd pr\u016fb\u011bh s pozn\u00e1mkami:<\/strong><\/p>\n\n\n\n<ol class=\"wp-block-list\">\n<li><strong>14.30 \u2013 Spole\u010dn\u00e1 modlitba uprost\u0159ed dne v kostele <\/strong><\/li>\n<\/ol>\n\n\n\n<p><strong>&nbsp;&nbsp;&nbsp;&nbsp;&nbsp;&nbsp; <\/strong><strong>2.&nbsp;&nbsp; Volby do m\u00edstn\u00edho bratrsk\u00e9ho spole\u010denstv\u00ed<\/strong> za p\u0159\u00edtomnosti sestry Pavl\u00edny Vacul\u00edkov\u00e9<\/p>\n\n\n\n<p>&nbsp;&nbsp;&nbsp;&nbsp;&nbsp;&nbsp;&nbsp;&nbsp;&nbsp;&nbsp;&nbsp;&nbsp; P\u0159\u00edtomno bylo v\u0161ech 18 \u010dlen\u016f s trvalou profes\u00ed.<\/p>\n\n\n\n<p>&nbsp;&nbsp;&nbsp;&nbsp;&nbsp;&nbsp;&nbsp;&nbsp;&nbsp;&nbsp;&nbsp;&nbsp; <strong>Zvoleni byli tito \u010dlenov\u00e9:<\/strong><\/p>\n\n\n\n<p><strong>&nbsp;&nbsp;&nbsp;&nbsp;&nbsp;&nbsp;&nbsp;&nbsp;&nbsp;&nbsp;&nbsp;&nbsp; Ministr&nbsp;&nbsp; <\/strong>Jitka Hub\u00e1\u010dkov\u00e1<\/p>\n\n\n\n<p>&nbsp;&nbsp;&nbsp;&nbsp;&nbsp;&nbsp;&nbsp;&nbsp;&nbsp;&nbsp;&nbsp;&nbsp; <strong>Z\u00e1stupce ministra<\/strong>&nbsp;&nbsp; Jana Hork\u00e1<\/p>\n\n\n\n<p>&nbsp;&nbsp;&nbsp;&nbsp;&nbsp;&nbsp;&nbsp;&nbsp;&nbsp;&nbsp;&nbsp;&nbsp; <strong>Form\u00e1tor&nbsp;&nbsp;&nbsp; <\/strong>Bar. Slima\u0159\u00edkov\u00e1<\/p>\n\n\n\n<p>&nbsp;&nbsp;&nbsp;&nbsp;&nbsp;&nbsp;&nbsp;&nbsp;&nbsp;&nbsp;&nbsp;&nbsp; <strong>Pokladn\u00edk&nbsp;&nbsp;&nbsp; <\/strong>Alena Ve\u010de\u0159ov\u00e1<\/p>\n\n\n\n<p>&nbsp;&nbsp;&nbsp;&nbsp;&nbsp;&nbsp;&nbsp;&nbsp;&nbsp;&nbsp;&nbsp;&nbsp; <strong>Sekret\u00e1\u0159&nbsp;&nbsp;&nbsp;&nbsp;&nbsp; <\/strong>D\u00e1\u0161a \u0160otov\u00e1<\/p>\n\n\n\n<p>&nbsp;&nbsp;&nbsp;&nbsp;&nbsp;&nbsp;&nbsp;&nbsp;&nbsp;&nbsp;&nbsp;&nbsp; <strong>\u010clen&nbsp;&nbsp;&nbsp;&nbsp;&nbsp;&nbsp;&nbsp;&nbsp;&nbsp;&nbsp;&nbsp;&nbsp; <\/strong>Petra Hapalov\u00e1<\/p>\n\n\n\n<p>&nbsp;&nbsp;&nbsp;&nbsp;&nbsp;&nbsp;&nbsp;&nbsp;&nbsp;&nbsp;&nbsp;&nbsp;&nbsp; V\u0161e prob\u011bhlo v klidu a podle pravidel na\u0161eho \u0159\u00e1du. D\u011bkujeme za stoprocentn\u00ed \u00fa\u010dast a   zodpov\u011bdnost.<\/p>\n\n\n\n<p><strong>&nbsp;&nbsp;&nbsp;&nbsp;&nbsp;&nbsp; 3.<\/strong><strong> Organiza\u010dn\u00ed z\u00e1le\u017eitosti a n\u00e1vrhy<\/strong><\/p>\n\n\n\n<ul class=\"wp-block-list\">\n<li>P\u0159\u00ed\u0161t\u00ed setk\u00e1n\u00ed bude <strong>21.12.2025. <\/strong>Za\u010dneme ve 14.30. modlitbou v kostele a budeme pokra\u010dovat v kl\u00e1\u0161te\u0159e<\/li>\n<\/ul>\n\n\n\n<p>V\u0161ichni zvolen\u00ed \u010dlenov\u00e9 d\u011bkuj\u00ed za d\u016fv\u011bru a pros\u00ed o modlitbu.<\/p>\n\n\n\n<p>Zapsala D. \u0160otov\u00e1<\/p>\n\n\n\n<figure class=\"wp-block-gallery has-nested-images columns-default is-cropped wp-block-gallery-1 is-layout-flex wp-block-gallery-is-layout-flex\">\n<figure class=\"wp-block-image size-large\"><img loading=\"lazy\" decoding=\"async\" width=\"1024\" height=\"512\" data-id=\"147\" src=\"https:\/\/sfrolomouc.cz\/wp-content\/uploads\/2025\/11\/IMG_20251109_154632_503-1024x512.jpg\" alt=\"\" class=\"wp-image-147\" srcset=\"https:\/\/sfrolomouc.cz\/wp-content\/uploads\/2025\/11\/IMG_20251109_154632_503-1024x512.jpg 1024w, https:\/\/sfrolomouc.cz\/wp-content\/uploads\/2025\/11\/IMG_20251109_154632_503-300x150.jpg 300w, https:\/\/sfrolomouc.cz\/wp-content\/uploads\/2025\/11\/IMG_20251109_154632_503-768x384.jpg 768w, https:\/\/sfrolomouc.cz\/wp-content\/uploads\/2025\/11\/IMG_20251109_154632_503-1536x768.jpg 1536w, https:\/\/sfrolomouc.cz\/wp-content\/uploads\/2025\/11\/IMG_20251109_154632_503-2048x1024.jpg 2048w\" sizes=\"auto, (max-width: 1024px) 100vw, 1024px\" \/><\/figure>\n\n\n\n<figure class=\"wp-block-image size-large\"><img loading=\"lazy\" decoding=\"async\" width=\"1024\" height=\"512\" data-id=\"146\" src=\"https:\/\/sfrolomouc.cz\/wp-content\/uploads\/2025\/11\/IMG_20251109_154619_575-1024x512.jpg\" alt=\"\" class=\"wp-image-146\" srcset=\"https:\/\/sfrolomouc.cz\/wp-content\/uploads\/2025\/11\/IMG_20251109_154619_575-1024x512.jpg 1024w, https:\/\/sfrolomouc.cz\/wp-content\/uploads\/2025\/11\/IMG_20251109_154619_575-300x150.jpg 300w, https:\/\/sfrolomouc.cz\/wp-content\/uploads\/2025\/11\/IMG_20251109_154619_575-768x384.jpg 768w, https:\/\/sfrolomouc.cz\/wp-content\/uploads\/2025\/11\/IMG_20251109_154619_575-1536x768.jpg 1536w, https:\/\/sfrolomouc.cz\/wp-content\/uploads\/2025\/11\/IMG_20251109_154619_575-2048x1024.jpg 2048w\" sizes=\"auto, (max-width: 1024px) 100vw, 1024px\" \/><figcaption class=\"wp-element-caption\">Nov\u00e1 rada<\/figcaption><\/figure>\n<\/figure>\n\n\n\n<p><\/p>\n","protected":false},"excerpt":{"rendered":"<p>Z\u00e1pis ze setk\u00e1n\u00ed 9.11. 2025 &nbsp;Kl\u00e1\u0161ter brat\u0159\u00ed kapuc\u00edn\u016f Olomouc Setk\u00e1n\u00ed sester a brat\u0159\u00ed SF\u0158 \u2013 Olomouc rodiny P\u0159\u00edtomni: &nbsp;Br. Dominik, E. C\u00e1skov\u00e1, Fidrmucovi, P. Hapalov\u00e1, J. Hork\u00e1, J. Hub\u00e1\u010dkov\u00e1, Richterovi, M. \u0158ezn\u00ed\u010dkov\u00e1, J. Sl\u00e1dkov\u00e1, B. Slima\u0159\u00edkov\u00e1, L. Stehl\u00edkov\u00e1, H. \u0160ev\u010d\u00edkov\u00e1, D. \u0160otov\u00e1, F. Val\u016f, Ve\u010de\u0159ovi, F. Vom\u00e1\u010dka \u010casov\u00fd pr\u016fb\u011bh s pozn\u00e1mkami: &nbsp;&nbsp;&nbsp;&nbsp;&nbsp;&nbsp; 2.&nbsp;&nbsp; Volby do &hellip; <a href=\"https:\/\/sfrolomouc.cz\/?page_id=145\" class=\"more-link\">Pokra\u010dov\u00e1n\u00ed textu <span class=\"screen-reader-text\">19.11.2025<\/span> <span class=\"meta-nav\">&rarr;<\/span><\/a><\/p>\n","protected":false},"author":1,"featured_media":0,"parent":0,"menu_order":0,"comment_status":"closed","ping_status":"closed","template":"","meta":{"footnotes":""},"class_list":["post-145","page","type-page","status-publish","hentry"],"_links":{"self":[{"href":"https:\/\/sfrolomouc.cz\/index.php?rest_route=\/wp\/v2\/pages\/145","targetHints":{"allow":["GET"]}}],"collection":[{"href":"https:\/\/sfrolomouc.cz\/index.php?rest_route=\/wp\/v2\/pages"}],"about":[{"href":"https:\/\/sfrolomouc.cz\/index.php?rest_route=\/wp\/v2\/types\/page"}],"author":[{"embeddable":true,"href":"https:\/\/sfrolomouc.cz\/index.php?rest_route=\/wp\/v2\/users\/1"}],"replies":[{"embeddable":true,"href":"https:\/\/sfrolomouc.cz\/index.php?rest_route=%2Fwp%2Fv2%2Fcomments&post=145"}],"version-history":[{"count":2,"href":"https:\/\/sfrolomouc.cz\/index.php?rest_route=\/wp\/v2\/pages\/145\/revisions"}],"predecessor-version":[{"id":151,"href":"https:\/\/sfrolomouc.cz\/index.php?rest_route=\/wp\/v2\/pages\/145\/revisions\/151"}],"wp:attachment":[{"href":"https:\/\/sfrolomouc.cz\/index.php?rest_route=%2Fwp%2Fv2%2Fmedia&parent=145"}],"curies":[{"name":"wp","href":"https:\/\/api.w.org\/{rel}","templated":true}]}}